{"id":366,"date":"2024-05-29T19:47:36","date_gmt":"2024-05-29T19:47:36","guid":{"rendered":"https:\/\/www.celorocnidomky.cz\/?page_id=366"},"modified":"2024-10-27T09:38:24","modified_gmt":"2024-10-27T09:38:24","slug":"domek-02-63m%c2%b2","status":"publish","type":"page","link":"https:\/\/www.celorocnidomky.cz\/?page_id=366","title":{"rendered":"Domek 02 &#8211; 63m\u00b2"},"content":{"rendered":"\n<div class=\"wp-block-group alignfull has-global-padding is-layout-constrained wp-block-group-is-layout-constrained\" style=\"margin-bottom:var(--wp--preset--spacing--content);padding-top:var(--wp--preset--spacing--l)\">\n<div class=\"wp-block-columns alignwide is-layout-flex wp-container-core-columns-is-layout-28f84493 wp-block-columns-is-layout-flex\">\n<div class=\"wp-block-column is-layout-flow wp-container-core-column-is-layout-8a368f38 wp-block-column-is-layout-flow\" style=\"flex-basis:66.66%\"><h1 style=\"font-style:normal;font-weight:600;text-transform:uppercase;\" class=\"wp-block-post-title has-m-font-size\">Domek 02 &#8211; 63m\u00b2<\/h1>\n\n\n<p class=\"has-supplemental-font-family has-mega-font-size\" style=\"font-style:normal;font-weight:900;line-height:1;text-transform:uppercase\">domek 02<\/p>\n<\/div>\n\n\n\n<div class=\"wp-block-column is-vertically-aligned-bottom is-layout-flow wp-block-column-is-layout-flow\" style=\"flex-basis:33.33%\">\n<p class=\"has-s-font-size\">Tento d\u016fm je energeticky \u00fasporn\u00fd a n\u00e1klady na jeho provoz budou velmi n\u00edzk\u00e9. M\u00e1 energetick\u00fd \u0161t\u00edtek kategorie A nebo B, do kter\u00fdch spad\u00e1 v\u011bt\u0161ina sou\u010dasn\u00fdch n\u00edzkoenergetick\u00fdch staveb. To znamen\u00e1, \u017ee jde o mimo\u0159\u00e1dn\u011b \u00faspornou nebo velmi \u00faspornou budovu, v z\u00e1vislosti na pou\u017eit\u00fdch materi\u00e1lech.<\/p>\n<\/div>\n<\/div>\n<\/div>\n\n\n\n<div class=\"wp-block-group alignfull has-global-padding is-layout-constrained wp-block-group-is-layout-constrained\" style=\"margin-bottom:0\">\n<div class=\"wp-block-columns alignwide is-layout-flex wp-container-core-columns-is-layout-28f84493 wp-block-columns-is-layout-flex\">\n<div class=\"wp-block-column has-global-padding is-content-justification-left is-layout-constrained wp-container-core-column-is-layout-135d5925 wp-block-column-is-layout-constrained\">\n<p>Fantazii se meze nekladou! A\u0165 u\u017e hled\u00e1te domek na st\u00e1\u0159\u00ed nebo pro v\u00e1\u0161niv\u00e9 ml\u00e1d\u00ed, tento domek pln\u011b uspokoj\u00ed v\u0161echny va\u0161e pot\u0159eby. Stav\u00edme i pasivn\u00ed domky pro \u00fa\u010dely pracovn\u00edch kancel\u00e1\u0159\u00ed a s\u00eddel firem. Domek perfektn\u011b poslou\u017e\u00ed tak\u00e9 jako chatka, d\u00edlna, rekrea\u010dn\u00ed objekt nebo jako objekt vhodn\u00fd pro investici a komer\u010dn\u00ed pron\u00e1jem.<\/p>\n<\/div>\n\n\n\n<div class=\"wp-block-column is-layout-flow wp-block-column-is-layout-flow\" style=\"flex-basis:66.66%\">\n<figure class=\"wp-block-gallery has-nested-images columns-default is-cropped wp-block-gallery-1 is-layout-flex wp-block-gallery-is-layout-flex\">\n<figure class=\"wp-block-image size-large\"><img loading=\"lazy\" decoding=\"async\" width=\"700\" height=\"450\" data-id=\"379\" src=\"https:\/\/www.celorocnidomky.cz\/wp-content\/uploads\/2024\/05\/kub-63-03.jpg\" alt=\"\" class=\"wp-image-379\" srcset=\"https:\/\/www.celorocnidomky.cz\/wp-content\/uploads\/2024\/05\/kub-63-03.jpg 700w, https:\/\/www.celorocnidomky.cz\/wp-content\/uploads\/2024\/05\/kub-63-03-480x309.jpg 480w\" sizes=\"auto, (max-width: 700px) 100vw, 700px\" \/><\/figure>\n\n\n\n<figure class=\"wp-block-image size-large\"><img loading=\"lazy\" decoding=\"async\" width=\"1400\" height=\"1050\" data-id=\"380\" src=\"https:\/\/www.celorocnidomky.cz\/wp-content\/uploads\/2024\/05\/kub-63-04-1.jpg\" alt=\"\" class=\"wp-image-380\" srcset=\"https:\/\/www.celorocnidomky.cz\/wp-content\/uploads\/2024\/05\/kub-63-04-1.jpg 1400w, https:\/\/www.celorocnidomky.cz\/wp-content\/uploads\/2024\/05\/kub-63-04-1-720x540.jpg 720w, https:\/\/www.celorocnidomky.cz\/wp-content\/uploads\/2024\/05\/kub-63-04-1-480x360.jpg 480w, https:\/\/www.celorocnidomky.cz\/wp-content\/uploads\/2024\/05\/kub-63-04-1-768x576.jpg 768w\" sizes=\"auto, (max-width: 1400px) 100vw, 1400px\" \/><\/figure>\n<\/figure>\n<\/div>\n<\/div>\n\n\n\n<div class=\"wp-block-columns alignwide are-vertically-aligned-bottom is-layout-flex wp-container-core-columns-is-layout-28f84493 wp-block-columns-is-layout-flex\">\n<div class=\"wp-block-column is-vertically-aligned-bottom is-layout-flow wp-block-column-is-layout-flow\" style=\"flex-basis:66.66%\">\n<figure class=\"wp-block-image size-full\"><img loading=\"lazy\" decoding=\"async\" width=\"1400\" height=\"900\" src=\"https:\/\/www.celorocnidomky.cz\/wp-content\/uploads\/2024\/05\/kub-63-02-1.jpg\" alt=\"\" class=\"wp-image-368\" style=\"aspect-ratio:16\/9;object-fit:cover\" srcset=\"https:\/\/www.celorocnidomky.cz\/wp-content\/uploads\/2024\/05\/kub-63-02-1.jpg 1400w, https:\/\/www.celorocnidomky.cz\/wp-content\/uploads\/2024\/05\/kub-63-02-1-720x463.jpg 720w, https:\/\/www.celorocnidomky.cz\/wp-content\/uploads\/2024\/05\/kub-63-02-1-480x309.jpg 480w, https:\/\/www.celorocnidomky.cz\/wp-content\/uploads\/2024\/05\/kub-63-02-1-768x494.jpg 768w\" sizes=\"auto, (max-width: 1400px) 100vw, 1400px\" \/><\/figure>\n<\/div>\n\n\n\n<div class=\"wp-block-column is-vertically-aligned-bottom has-global-padding is-content-justification-right is-layout-constrained wp-container-core-column-is-layout-893efbd5 wp-block-column-is-layout-constrained\">\n<p>Z\u00e1kladn\u00ed stavba domku je tzv. k dokon\u010den\u00ed, co\u017e znamen\u00e1, \u017ee v z\u00e1kladn\u00ed cen\u011b nejsou zahrnuty kompletn\u00ed s\u00edt\u011b a vnit\u0159n\u00ed vybaven\u00ed jako je kuchy\u0148, koupelna, WC, odpady, voda, elekt\u0159ina, a p\u0159\u00edprava na topen\u00ed (nap\u0159\u00edklad klimatizace, sol\u00e1rn\u00ed oh\u0159ev apod.).&nbsp;<\/p>\n\n\n\n<p>Je t\u0159eba tak\u00e9 po\u010d\u00edtat s t\u00edm, \u017ee v cen\u011b stavby nen\u00ed zahrnuta z\u00e1kladov\u00e1 deska. Nab\u00edz\u00ed se r\u016fzn\u00e9 varianty a alternativy z\u00e1klad\u016f, jako jsou vruty, patky a dal\u0161\u00ed mo\u017enosti, kter\u00e9 v\u00e1m umo\u017en\u00ed vybrat tu nejlep\u0161\u00ed variantu pro v\u00e1\u0161 pozemek a pot\u0159eby.<\/p>\n<\/div>\n<\/div>\n<\/div>\n\n\n\n<div style=\"height:var(--wp--preset--spacing--content)\" aria-hidden=\"true\" class=\"wp-block-spacer\"><\/div>\n\n\n\n<div class=\"wp-block-columns alignwide is-layout-flex wp-container-core-columns-is-layout-15c97201 wp-block-columns-is-layout-flex\">\n<div class=\"wp-block-column is-layout-flow wp-block-column-is-layout-flow\">\n<figure class=\"wp-block-image size-thumbnail\"><img loading=\"lazy\" decoding=\"async\" width=\"480\" height=\"320\" src=\"http:\/\/www.celorocnidomky.cz\/wp-content\/uploads\/2024\/10\/2-1-480x320.jpg\" alt=\"\" class=\"wp-image-749\" srcset=\"https:\/\/www.celorocnidomky.cz\/wp-content\/uploads\/2024\/10\/2-1-480x320.jpg 480w, https:\/\/www.celorocnidomky.cz\/wp-content\/uploads\/2024\/10\/2-1-720x480.jpg 720w, https:\/\/www.celorocnidomky.cz\/wp-content\/uploads\/2024\/10\/2-1-768x512.jpg 768w, https:\/\/www.celorocnidomky.cz\/wp-content\/uploads\/2024\/10\/2-1.jpg 1200w\" sizes=\"auto, (max-width: 480px) 100vw, 480px\" \/><\/figure>\n<\/div>\n\n\n\n<div class=\"wp-block-column is-layout-flow wp-block-column-is-layout-flow\">\n<figure class=\"wp-block-image size-thumbnail\"><img loading=\"lazy\" decoding=\"async\" width=\"480\" height=\"320\" src=\"http:\/\/www.celorocnidomky.cz\/wp-content\/uploads\/2024\/10\/1-480x320.jpg\" alt=\"\" class=\"wp-image-746\" srcset=\"https:\/\/www.celorocnidomky.cz\/wp-content\/uploads\/2024\/10\/1-480x320.jpg 480w, https:\/\/www.celorocnidomky.cz\/wp-content\/uploads\/2024\/10\/1-720x480.jpg 720w, https:\/\/www.celorocnidomky.cz\/wp-content\/uploads\/2024\/10\/1-768x512.jpg 768w, https:\/\/www.celorocnidomky.cz\/wp-content\/uploads\/2024\/10\/1.jpg 1200w\" sizes=\"auto, (max-width: 480px) 100vw, 480px\" \/><\/figure>\n<\/div>\n\n\n\n<div class=\"wp-block-column is-layout-flow wp-block-column-is-layout-flow\">\n<figure class=\"wp-block-image size-thumbnail\"><img loading=\"lazy\" decoding=\"async\" width=\"480\" height=\"320\" src=\"http:\/\/www.celorocnidomky.cz\/wp-content\/uploads\/2024\/10\/3-480x320.jpg\" alt=\"\" class=\"wp-image-747\" srcset=\"https:\/\/www.celorocnidomky.cz\/wp-content\/uploads\/2024\/10\/3-480x320.jpg 480w, https:\/\/www.celorocnidomky.cz\/wp-content\/uploads\/2024\/10\/3-720x480.jpg 720w, https:\/\/www.celorocnidomky.cz\/wp-content\/uploads\/2024\/10\/3-768x512.jpg 768w, https:\/\/www.celorocnidomky.cz\/wp-content\/uploads\/2024\/10\/3.jpg 1200w\" sizes=\"auto, (max-width: 480px) 100vw, 480px\" \/><\/figure>\n<\/div>\n<\/div>\n\n\n\n<div class=\"wp-block-group alignfull has-global-padding is-layout-constrained wp-container-core-group-is-layout-9360c511 wp-block-group-is-layout-constrained\" style=\"margin-top:var(--wp--preset--spacing--content);margin-bottom:var(--wp--preset--spacing--content)\">\n<div class=\"wp-block-group alignwide has-global-padding is-content-justification-left is-layout-constrained wp-container-core-group-is-layout-9c165946 wp-block-group-is-layout-constrained\">\n<p class=\"has-contrast-alt-color has-text-color has-supplemental-font-family has-giant-font-size\" style=\"font-style:normal;font-weight:900\">P\u016fdorys domku <\/p>\n<\/div>\n<\/div>\n\n\n\n<div class=\"wp-block-group alignfull has-global-padding is-layout-constrained wp-block-group-is-layout-constrained\" style=\"margin-top:0\">\n<figure class=\"wp-block-image alignwide size-full is-style-padding-left\" style=\"margin-top:var(--wp--preset--spacing--l)\"><img loading=\"lazy\" decoding=\"async\" width=\"882\" height=\"630\" src=\"https:\/\/www.celorocnidomky.cz\/wp-content\/uploads\/2024\/10\/PHOTO-2024-09-30-09-45-01.jpg\" alt=\"\" class=\"wp-image-744\" srcset=\"https:\/\/www.celorocnidomky.cz\/wp-content\/uploads\/2024\/10\/PHOTO-2024-09-30-09-45-01.jpg 882w, https:\/\/www.celorocnidomky.cz\/wp-content\/uploads\/2024\/10\/PHOTO-2024-09-30-09-45-01-720x514.jpg 720w, https:\/\/www.celorocnidomky.cz\/wp-content\/uploads\/2024\/10\/PHOTO-2024-09-30-09-45-01-480x343.jpg 480w, https:\/\/www.celorocnidomky.cz\/wp-content\/uploads\/2024\/10\/PHOTO-2024-09-30-09-45-01-768x549.jpg 768w\" sizes=\"auto, (max-width: 882px) 100vw, 882px\" \/><\/figure>\n<\/div>\n\n\n\n<div class=\"wp-block-group alignfull has-global-padding is-layout-constrained wp-block-group-is-layout-constrained\" style=\"margin-top:0;margin-bottom:0\">\n<h2 class=\"wp-block-heading is-style-screen-reader-text\">parametry<\/h2>\n\n\n\n<div class=\"wp-block-columns alignwide is-layout-flex wp-container-core-columns-is-layout-ea7874d8 wp-block-columns-is-layout-flex\" style=\"border-width:1px;padding-top:var(--wp--preset--spacing--m);padding-right:var(--wp--preset--spacing--m);padding-bottom:var(--wp--preset--spacing--m);padding-left:var(--wp--preset--spacing--m)\">\n<div class=\"wp-block-column is-layout-flow wp-container-core-column-is-layout-e58a1108 wp-block-column-is-layout-flow\">\n<h3 class=\"wp-block-heading has-s-font-size\" style=\"text-transform:uppercase\">P\u016eDORYS STAVBY<\/h3>\n\n\n\n<p>8900x7070mm<\/p>\n<\/div>\n\n\n\n<div class=\"wp-block-column is-layout-flow wp-container-core-column-is-layout-e58a1108 wp-block-column-is-layout-flow\">\n<h3 class=\"wp-block-heading has-s-font-size\" style=\"text-transform:uppercase\">VENKOVN\u00cd TERASA<\/h3>\n\n\n\n<p>15,80m\u00b2<\/p>\n<\/div>\n\n\n\n<div class=\"wp-block-column is-layout-flow wp-container-core-column-is-layout-e58a1108 wp-block-column-is-layout-flow\">\n<h3 class=\"wp-block-heading has-s-font-size\" style=\"text-transform:uppercase\">OB\u00ddV\u00c1K S KUCHYN\u00cd<\/h3>\n\n\n\n<p>26,70m2<\/p>\n<\/div>\n\n\n\n<div class=\"wp-block-column is-layout-flow wp-container-core-column-is-layout-e58a1108 wp-block-column-is-layout-flow\">\n<h3 class=\"wp-block-heading has-s-font-size\" style=\"text-transform:uppercase\">Lo\u017enice1 \/ LO\u017dNICe2<\/h3>\n\n\n\n<p>10,20m2<\/p>\n\n\n\n<p>9,40m2<\/p>\n<\/div>\n\n\n\n<div class=\"wp-block-column is-layout-flow wp-container-core-column-is-layout-e58a1108 wp-block-column-is-layout-flow\">\n<h3 class=\"wp-block-heading has-s-font-size\" style=\"text-transform:uppercase\">KOUPELNA A WC<\/h3>\n\n\n\n<p>3,60m2<\/p>\n<\/div>\n<\/div>\n<\/div>\n\n\n\n<div class=\"wp-block-columns alignwide is-layout-flex wp-container-core-columns-is-layout-4121dc25 wp-block-columns-is-layout-flex\" style=\"border-top-width:1px;margin-top:0;margin-bottom:0\">\n<div class=\"wp-block-column has-global-padding is-content-justification-left is-layout-constrained wp-container-core-column-is-layout-dc3f04f9 wp-block-column-is-layout-constrained\" style=\"padding-top:var(--wp--preset--spacing--m);padding-bottom:var(--wp--preset--spacing--m)\">\n<h3 class=\"wp-block-heading has-l-font-size\" style=\"font-style:normal;font-weight:700;text-transform:uppercase\">cena k dokon\u010den\u00ed<\/h3>\n\n\n\n<p>Typ izolace a zateplen\u00ed domku&nbsp;<\/p>\n\n\n\n<ul class=\"wp-block-list\">\n<li>pasivn\u00ed panel ( t\u0159\u00edda A )<\/li>\n\n\n\n<li>panel 26 cm s izola\u010dn\u00ed vatou ( t\u0159\u00edda B )<\/li>\n<\/ul>\n<\/div>\n\n\n\n<div class=\"wp-block-column is-layout-flow wp-block-column-is-layout-flow\" style=\"padding-top:var(--wp--preset--spacing--m);padding-bottom:var(--wp--preset--spacing--m)\">\n<ul class=\"wp-block-list is-style-checkmark\">\n<li>Doprava materi\u00e1lu na m\u00edsto realizace<\/li>\n\n\n\n<li>Kompletn\u00ed projektov\u00e1 dokumentace<\/li>\n\n\n\n<li>Postaven\u00ed domku&nbsp;na p\u0159ipraven\u00fdch z\u00e1kladech<\/li>\n\n\n\n<li><strong>Zateplen\u00e1 konstrukce, energetick\u00fd \u0161t\u00edtek A \/ B<\/strong><\/li>\n\n\n\n<li>Venkovn\u00ed d\u0159ev\u011bn\u00fd obklad s olejov\u00fdm n\u00e1t\u011brem<\/li>\n\n\n\n<li>Okna, dve\u0159e<\/li>\n\n\n\n<li>Venkovn\u00ed parapety<\/li>\n\n\n\n<li>St\u0159echa, klemp\u00ed\u0159sk\u00e9 pr\u00e1ce<\/li>\n\n\n\n<li>Okapy a svody<\/li>\n\n\n\n<li>Vnit\u0159n\u00ed a venkovn\u00ed st\u011bny<\/li>\n\n\n\n<li>St\u0159echa se zateplen\u00edm<\/li>\n\n\n\n<li>P\u0159edst\u011bna pro rozvod s\u00edt\u00ed<\/li>\n\n\n\n<li>S\u00e1drokarton\/vnit\u0159n\u00ed d\u0159ev\u011bn\u00fd obklad<\/li>\n\n\n\n<li>Pasivn\u00ed z\u00e1klady nebo betonov\u00e1\/d\u0159ev\u011bn\u00e1 podlaha (u d\u0159ev\u011bn\u00e9ho ro\u0161tu)<\/li>\n\n\n\n<li>Elektroinstalace<\/li>\n\n\n\n<li>Rozvody vody<\/li>\n\n\n\n<li>Vnit\u0159n\u00ed parapety<\/li>\n<\/ul>\n<\/div>\n\n\n\n<div class=\"wp-block-column has-secondary-background-color has-background is-layout-flow wp-block-column-is-layout-flow\" style=\"flex-basis:12em\">\n<div class=\"wp-block-group is-vertical is-content-justification-center is-nowrap is-layout-flex wp-container-core-group-is-layout-c7816cfc wp-block-group-is-layout-flex\" style=\"min-height:100%\">\n<p class=\"has-giant-font-size\">CZK<\/p>\n\n\n\n<p class=\"has-xxl-font-size\">1 250 000<\/p>\n\n\n\n<p class=\"has-s-font-size\" style=\"margin-top:0.5em;text-transform:uppercase\">s dph<\/p>\n<\/div>\n<\/div>\n<\/div>\n\n\n\n<div class=\"wp-block-columns alignwide is-layout-flex wp-container-core-columns-is-layout-4121dc25 wp-block-columns-is-layout-flex\" style=\"border-top-width:1px;margin-top:0;margin-bottom:0\">\n<div class=\"wp-block-column has-global-padding is-content-justification-left is-layout-constrained wp-container-core-column-is-layout-dc3f04f9 wp-block-column-is-layout-constrained\" style=\"padding-top:var(--wp--preset--spacing--m);padding-bottom:var(--wp--preset--spacing--m)\">\n<h3 class=\"wp-block-heading has-l-font-size\" style=\"font-style:normal;font-weight:700;text-transform:uppercase\">cena na kl\u00ed\u010d<\/h3>\n\n\n\n<ul class=\"wp-block-list\">\n<li>pasivn\u00ed panel ( t\u0159\u00edda A )<\/li>\n<\/ul>\n\n\n\n<ul class=\"wp-block-list\">\n<li>panel 26 cm s izola\u010dn\u00ed vatou ( t\u0159\u00edda B )<\/li>\n<\/ul>\n<\/div>\n\n\n\n<div class=\"wp-block-column is-layout-flow wp-block-column-is-layout-flow\" style=\"padding-top:var(--wp--preset--spacing--m);padding-bottom:var(--wp--preset--spacing--m)\">\n<ul class=\"wp-block-list is-style-checkmark\">\n<li>+<\/li>\n\n\n\n<li>Obklady a dla\u017eby v koupeln\u011b<\/li>\n\n\n\n<li>Kompletn\u00ed sanita<\/li>\n\n\n\n<li>Podlahy (parkety d\u0159ev\u011bn\u00e9\/vinylov\u00e9\/keramick\u00e9)<\/li>\n\n\n\n<li>Vnit\u0159n\u00ed dve\u0159e a z\u00e1rubn\u011b d\u0159ev\u011bn\u00e9<\/li>\n\n\n\n<li>Kuchy\u0148sk\u00e1 linka s vybaven\u00edm spot\u0159ebi\u010di dle po\u017eadavku<\/li>\n\n\n\n<li>\u0160atn\u00edk v lo\u017enici<\/li>\n\n\n\n<li>Topen\u00ed \u2013 infrapanely s d\u00e1lkov\u00fdm ovl\u00e1d\u00e1n\u00edm<\/li>\n<\/ul>\n<\/div>\n\n\n\n<div class=\"wp-block-column has-secondary-mixed-background-color has-background is-layout-flow wp-block-column-is-layout-flow\" style=\"flex-basis:12em\">\n<div class=\"wp-block-group is-vertical is-content-justification-center is-nowrap is-layout-flex wp-container-core-group-is-layout-c7816cfc wp-block-group-is-layout-flex\" style=\"min-height:100%\">\n<p class=\"has-giant-font-size\">CZK<\/p>\n\n\n\n<p class=\"has-xxl-font-size\">1 450 000<\/p>\n\n\n\n<p class=\"has-s-font-size\" style=\"margin-top:0.5em;text-transform:uppercase\">s dph<\/p>\n<\/div>\n<\/div>\n<\/div>\n\n\n\n<div class=\"wp-block-columns alignwide is-layout-flex wp-container-core-columns-is-layout-4121dc25 wp-block-columns-is-layout-flex\" style=\"border-top-width:1px;margin-top:0;margin-bottom:0\">\n<div class=\"wp-block-column has-global-padding is-content-justification-left is-layout-constrained wp-container-core-column-is-layout-dc3f04f9 wp-block-column-is-layout-constrained\" style=\"padding-top:var(--wp--preset--spacing--m);padding-bottom:var(--wp--preset--spacing--m)\">\n<h3 class=\"wp-block-heading has-l-font-size\" style=\"font-style:normal;font-weight:700;text-transform:uppercase\">opce<\/h3>\n\n\n\n<p>Dopl\u0148kov\u00e9 zak\u00e1zky na m\u00edru<\/p>\n<\/div>\n\n\n\n<div class=\"wp-block-column is-layout-flow wp-block-column-is-layout-flow\" style=\"padding-top:var(--wp--preset--spacing--m);padding-bottom:var(--wp--preset--spacing--m)\">\n<ul class=\"wp-block-list is-style-checkmark\">\n<li>Kom\u00ednov\u00fd rozvod s keramick\u00fdmi kamny\/krbovou vlo\u017ekou<\/li>\n\n\n\n<li>Peletov\u00e1 teplovzdu\u0161n\u00e1 kamna s kom\u00ednem<\/li>\n\n\n\n<li>Klimatizace<\/li>\n\n\n\n<li>N\u00e1bytek na m\u00edru<\/li>\n\n\n\n<li>Akumula\u010dn\u00ed n\u00e1doba, n\u00e1doba na TUV<\/li>\n\n\n\n<li>St\u0159e\u0161n\u00ed p\u0159edp\u0159\u00edprava na fotovoltaiku<\/li>\n\n\n\n<li>N\u00e1dr\u017e na de\u0161\u0165ovou vodu<\/li>\n\n\n\n<li>\u010cOV<\/li>\n<\/ul>\n<\/div>\n\n\n\n<div class=\"wp-block-column has-secondary-background-color has-background is-layout-flow wp-block-column-is-layout-flow\" style=\"flex-basis:12em\">\n<div class=\"wp-block-group is-vertical is-content-justification-center is-nowrap is-layout-flex wp-container-core-group-is-layout-c7816cfc wp-block-group-is-layout-flex\" style=\"min-height:100%\">\n<p class=\"has-giant-font-size\">?<\/p>\n\n\n\n<p class=\"has-text-align-center has-s-font-size\" style=\"margin-top:0.5em;text-transform:uppercase\">KALKULACE NA ZAK\u00c1ZKU<\/p>\n<\/div>\n<\/div>\n<\/div>\n\n\n\n<div class=\"wp-block-group is-nowrap is-layout-flex wp-container-core-group-is-layout-d915a410 wp-block-group-is-layout-flex\">\n<h2 class=\"wp-block-heading has-l-font-size\" style=\"text-transform:uppercase\"><\/h2>\n\n\n\n<p><\/p>\n<\/div>\n\n\n\n<div class=\"wp-block-group alignfull has-global-padding is-layout-constrained wp-block-group-is-layout-constrained\" style=\"margin-top:0;margin-bottom:0\">\n<div class=\"wp-block-columns alignwide is-layout-flex wp-container-core-columns-is-layout-28f84493 wp-block-columns-is-layout-flex\">\n<div class=\"wp-block-column has-global-padding is-content-justification-left is-layout-constrained wp-container-core-column-is-layout-b06a696c wp-block-column-is-layout-constrained\">\n<h2 class=\"wp-block-heading\" style=\"text-transform:uppercase\">3-4 m\u011bs\u00edce a bydl\u00edte<\/h2>\n\n\n\n<p>Rychleji to neum\u00edme a to se opravdu sna\u017e\u00edme! D\u0159\u00edve ne\u017e za\u010dne proces v\u00fdroby, pot\u0159ebujeme od v\u00e1s informace o parceln\u00edm \u010d\u00edsle pozemku, abychom zjistili zda lze stavba logisticky bez probl\u00e9mu uskute\u010dnit.<\/p>\n<\/div>\n\n\n\n<div class=\"wp-block-column is-layout-flow wp-block-column-is-layout-flow\">\n<div class=\"wp-block-cover has-custom-content-position is-position-bottom-center\" style=\"padding-top:16em;padding-right:0;padding-bottom:0;padding-left:0;min-height:320px;aspect-ratio:unset;\"><span aria-hidden=\"true\" class=\"wp-block-cover__background has-primary-background-color has-background-dim-0 has-background-dim\"><\/span><img loading=\"lazy\" decoding=\"async\" width=\"800\" height=\"480\" class=\"wp-block-cover__image-background wp-image-575\" alt=\"\" src=\"https:\/\/www.celorocnidomky.cz\/wp-content\/uploads\/2024\/07\/8.png\" data-object-fit=\"cover\" srcset=\"https:\/\/www.celorocnidomky.cz\/wp-content\/uploads\/2024\/07\/8.png 800w, https:\/\/www.celorocnidomky.cz\/wp-content\/uploads\/2024\/07\/8-720x432.png 720w, https:\/\/www.celorocnidomky.cz\/wp-content\/uploads\/2024\/07\/8-480x288.png 480w, https:\/\/www.celorocnidomky.cz\/wp-content\/uploads\/2024\/07\/8-768x461.png 768w\" sizes=\"auto, (max-width: 800px) 100vw, 800px\" \/><div class=\"wp-block-cover__inner-container is-layout-flow wp-block-cover-is-layout-flow\">\n<div class=\"wp-block-group is-style-backdrop-blur has-white-color has-backdrop-blur-dark-gradient-background has-text-color has-background has-link-color wp-elements-47480c402ca6d747756ac79e0fc59455 is-content-justification-space-between is-nowrap is-layout-flex wp-container-core-group-is-layout-0362a2fe wp-block-group-is-layout-flex\" style=\"padding-top:var(--wp--preset--spacing--m);padding-right:var(--wp--preset--spacing--m);padding-bottom:var(--wp--preset--spacing--m);padding-left:var(--wp--preset--spacing--m)\">\n<p style=\"font-style:normal;font-weight:700;text-decoration:none;text-transform:uppercase\"><a href=\"#0\"><\/a><a href=\"#0\">Doprava domku a za\u010d\u00e1tek stavby<\/a><\/p>\n<\/div>\n<\/div><\/div>\n<\/div>\n<\/div>\n\n\n\n<div class=\"wp-block-columns alignwide is-layout-flex wp-container-core-columns-is-layout-28f84493 wp-block-columns-is-layout-flex\">\n<div class=\"wp-block-column is-layout-flow wp-block-column-is-layout-flow\">\n<div class=\"wp-block-cover is-light has-custom-content-position is-position-bottom-center\" style=\"padding-top:16em;padding-right:0;padding-bottom:0;padding-left:0;min-height:320px;aspect-ratio:unset;\"><span aria-hidden=\"true\" class=\"wp-block-cover__background has-primary-background-color has-background-dim-0 has-background-dim\"><\/span><img loading=\"lazy\" decoding=\"async\" width=\"800\" height=\"480\" class=\"wp-block-cover__image-background wp-image-577\" alt=\"\" src=\"https:\/\/www.celorocnidomky.cz\/wp-content\/uploads\/2024\/07\/7.png\" data-object-fit=\"cover\" srcset=\"https:\/\/www.celorocnidomky.cz\/wp-content\/uploads\/2024\/07\/7.png 800w, https:\/\/www.celorocnidomky.cz\/wp-content\/uploads\/2024\/07\/7-720x432.png 720w, https:\/\/www.celorocnidomky.cz\/wp-content\/uploads\/2024\/07\/7-480x288.png 480w, https:\/\/www.celorocnidomky.cz\/wp-content\/uploads\/2024\/07\/7-768x461.png 768w\" sizes=\"auto, (max-width: 800px) 100vw, 800px\" \/><div class=\"wp-block-cover__inner-container is-layout-flow wp-block-cover-is-layout-flow\">\n<div class=\"wp-block-group is-style-backdrop-blur has-white-color has-backdrop-blur-dark-gradient-background has-text-color has-background has-link-color wp-elements-13f3565ef470202ae4e4239c14850355 is-content-justification-space-between is-nowrap is-layout-flex wp-container-core-group-is-layout-0362a2fe wp-block-group-is-layout-flex\" style=\"padding-top:var(--wp--preset--spacing--m);padding-right:var(--wp--preset--spacing--m);padding-bottom:var(--wp--preset--spacing--m);padding-left:var(--wp--preset--spacing--m)\">\n<p style=\"font-style:normal;font-weight:700;text-decoration:none;text-transform:uppercase\"><a href=\"#0\"><\/a><a href=\"#0\">Stav\u00edme pomoc\u00ed pasivn\u00edch panel\u016f<\/a><\/p>\n<\/div>\n<\/div><\/div>\n<\/div>\n\n\n\n<div class=\"wp-block-column is-layout-flow wp-block-column-is-layout-flow\">\n<div class=\"wp-block-cover is-light has-custom-content-position is-position-bottom-center\" style=\"padding-top:16em;padding-right:0;padding-bottom:0;padding-left:0;min-height:320px;aspect-ratio:unset;\"><span aria-hidden=\"true\" class=\"wp-block-cover__background has-primary-background-color has-background-dim-0 has-background-dim\"><\/span><img loading=\"lazy\" decoding=\"async\" width=\"800\" height=\"480\" class=\"wp-block-cover__image-background wp-image-578\" alt=\"\" src=\"https:\/\/www.celorocnidomky.cz\/wp-content\/uploads\/2024\/07\/6.png\" data-object-fit=\"cover\" srcset=\"https:\/\/www.celorocnidomky.cz\/wp-content\/uploads\/2024\/07\/6.png 800w, https:\/\/www.celorocnidomky.cz\/wp-content\/uploads\/2024\/07\/6-720x432.png 720w, https:\/\/www.celorocnidomky.cz\/wp-content\/uploads\/2024\/07\/6-480x288.png 480w, https:\/\/www.celorocnidomky.cz\/wp-content\/uploads\/2024\/07\/6-768x461.png 768w\" sizes=\"auto, (max-width: 800px) 100vw, 800px\" \/><div class=\"wp-block-cover__inner-container is-layout-flow wp-block-cover-is-layout-flow\">\n<div class=\"wp-block-group is-style-backdrop-blur has-white-color has-backdrop-blur-dark-gradient-background has-text-color has-background has-link-color wp-elements-2035ba0bc385d52cc5029cf0f6a2d114 is-content-justification-space-between is-nowrap is-layout-flex wp-container-core-group-is-layout-0362a2fe wp-block-group-is-layout-flex\" style=\"padding-top:var(--wp--preset--spacing--m);padding-right:var(--wp--preset--spacing--m);padding-bottom:var(--wp--preset--spacing--m);padding-left:var(--wp--preset--spacing--m)\">\n<p style=\"font-style:normal;font-weight:700;text-decoration:none;text-transform:uppercase\"><a href=\"#0\">bezkonkure\u010dn\u00ed tepeln\u011b-izola\u010dn\u00ed vlastnosti<\/a><\/p>\n<\/div>\n<\/div><\/div>\n<\/div>\n<\/div>\n<\/div>\n\n\n\n<div class=\"wp-block-group alignfull has-global-padding is-layout-constrained wp-block-group-is-layout-constrained\" style=\"margin-top:0;margin-bottom:0\">\n<div class=\"wp-block-columns alignwide is-layout-flex wp-container-core-columns-is-layout-28f84493 wp-block-columns-is-layout-flex\">\n<div class=\"wp-block-column is-layout-flow wp-block-column-is-layout-flow\">\n<div class=\"wp-block-group has-global-padding is-content-justification-left is-layout-constrained wp-container-core-group-is-layout-a89a5758 wp-block-group-is-layout-constrained\" style=\"border-top-color:var(--wp--preset--color--primary);border-top-width:0.5em;padding-top:var(--wp--preset--spacing--m)\">\n<h3 class=\"wp-block-heading has-xl-font-size\" style=\"font-style:normal;font-weight:700\"><strong>pasivn\u00ed panely<\/strong><\/h3>\n\n\n\n<p>Pln\u011b certifikovan\u00fd, nov\u00fd stavebn\u00ed syst\u00e9m speci\u00e1ln\u011b vyvinut\u00fd pro pasivn\u00ed domy. Z d\u016fvodu st\u00e1le v\u011bt\u0161\u00edch n\u00e1rok\u016f na energetick\u00e9 vlastnosti staveb jsme se rozhodli p\u0159ij\u00edt na trh se syst\u00e9mem v\u00fdstavby, kter\u00fd spl\u0148uje nejp\u0159\u00edsn\u011bj\u0161\u00ed po\u017eadavky na tepeln\u011b izola\u010dn\u00ed vlastnosti, tuhost konstrukce a celkovou funk\u010dnost stavby.<\/p>\n\n\n\n<p>Panel je samonosn\u00fd a pln\u011b izolovan\u00fd. J\u00e1dro panelu tvo\u0159\u00ed PIR izolace o s\u00edle 200mm do kter\u00e9 je vlisov\u00e1na zvl\u00e1\u0161\u0165 vn\u011bj\u0161\u00ed a vnit\u0159n\u00ed d\u0159ev\u011bn\u00e1 KVH konstrukce. Konstrukce mezi sebou nejsou nijak propojeny, tak\u017ee se t\u00edm zaru\u010d\u00ed bezkonkuren\u010dn\u00ed tepeln\u011b-izola\u010dn\u00ed vlastnosti stavby a takto zhotovena konstrukce, je kompletn\u011b bez tepeln\u00fdch most\u016f.<\/p>\n<\/div>\n<\/div>\n\n\n\n<div class=\"wp-block-column is-layout-flow wp-block-column-is-layout-flow\">\n<div class=\"wp-block-group has-global-padding is-content-justification-left is-layout-constrained wp-container-core-group-is-layout-a89a5758 wp-block-group-is-layout-constrained\" style=\"border-top-color:var(--wp--preset--color--primary);border-top-width:0.5em;padding-top:var(--wp--preset--spacing--m)\">\n<h3 class=\"wp-block-heading has-xl-font-size\" style=\"font-style:normal;font-weight:700\"><strong>V\u0161eobecn\u00e9 podm\u00ednky:<\/strong><\/h3>\n\n\n\n<ul class=\"wp-block-list\">\n<li>Smlouva o d\u00edlo, spolu s podpisem, zaji\u0161\u0165ujeme z\u00e1kazn\u00edkovi projektovou dokumentaci.<\/li>\n\n\n\n<li>Dod\u00e1vka kompletn\u00edho stavebn\u00edho materi\u00e1lu na m\u00edsto stavby je pl\u00e1nov\u00e1na na dobu 60-80 dn\u016f, samotn\u00e1 mont\u00e1\u017e chaty zabere 30 dn\u00ed.<\/li>\n\n\n\n<li>Platebn\u00ed podm\u00ednky: 80% ceny je hrazeno z\u00e1kazn\u00edkem p\u0159i podpisu smlouvy, zb\u00fdvaj\u00edc\u00edch 20% ceny je hrazeno po dokon\u010den\u00ed mont\u00e1\u017ee domku.<\/li>\n<\/ul>\n<\/div>\n<\/div>\n<\/div>\n<\/div>\n\n\n\n<div class=\"wp-block-columns alignwide is-layout-flex wp-container-core-columns-is-layout-15c97201 wp-block-columns-is-layout-flex\">\n<div class=\"wp-block-column is-layout-flow wp-block-column-is-layout-flow\">\n<figure class=\"wp-block-image size-thumbnail\"><img loading=\"lazy\" decoding=\"async\" width=\"480\" height=\"320\" src=\"https:\/\/www.celorocnidomky.cz\/wp-content\/uploads\/2024\/10\/02-interier--480x320.jpg\" alt=\"\" class=\"wp-image-750\" srcset=\"https:\/\/www.celorocnidomky.cz\/wp-content\/uploads\/2024\/10\/02-interier--480x320.jpg 480w, https:\/\/www.celorocnidomky.cz\/wp-content\/uploads\/2024\/10\/02-interier--720x480.jpg 720w, https:\/\/www.celorocnidomky.cz\/wp-content\/uploads\/2024\/10\/02-interier--768x512.jpg 768w, https:\/\/www.celorocnidomky.cz\/wp-content\/uploads\/2024\/10\/02-interier-.jpg 1200w\" sizes=\"auto, (max-width: 480px) 100vw, 480px\" \/><\/figure>\n\n\n\n<div class=\"wp-block-group is-layout-flow wp-block-group-is-layout-flow\" style=\"padding-right:var(--wp--preset--spacing--m);padding-left:var(--wp--preset--spacing--m)\">\n<p>Jednoduch\u00e1 kuchy\u0148sk\u00e1 linka s keramickou deskou se obvykle po\u0159izuje od 35 000 K\u010d, av\u0161ak m\u016f\u017eete si vybrat vybaven\u00ed dle libosti i za stovky tis\u00edc korun.<\/p>\n<\/div>\n<\/div>\n\n\n\n<div class=\"wp-block-column is-layout-flow wp-block-column-is-layout-flow\">\n<figure class=\"wp-block-image size-thumbnail\"><img loading=\"lazy\" decoding=\"async\" width=\"480\" height=\"245\" src=\"https:\/\/www.celorocnidomky.cz\/wp-content\/uploads\/2024\/05\/13-1-480x245.jpg\" alt=\"\" class=\"wp-image-402\" srcset=\"https:\/\/www.celorocnidomky.cz\/wp-content\/uploads\/2024\/05\/13-1-480x245.jpg 480w, https:\/\/www.celorocnidomky.cz\/wp-content\/uploads\/2024\/05\/13-1-720x368.jpg 720w, https:\/\/www.celorocnidomky.cz\/wp-content\/uploads\/2024\/05\/13-1-1400x715.jpg 1400w, https:\/\/www.celorocnidomky.cz\/wp-content\/uploads\/2024\/05\/13-1-768x392.jpg 768w, https:\/\/www.celorocnidomky.cz\/wp-content\/uploads\/2024\/05\/13-1-1536x784.jpg 1536w, https:\/\/www.celorocnidomky.cz\/wp-content\/uploads\/2024\/05\/13-1.jpg 1920w\" sizes=\"auto, (max-width: 480px) 100vw, 480px\" \/><\/figure>\n\n\n\n<div class=\"wp-block-group is-layout-flow wp-block-group-is-layout-flow\" style=\"padding-right:var(--wp--preset--spacing--m);padding-left:var(--wp--preset--spacing--m)\">\n<p>Orienta\u010dn\u00ed z\u00e1kladn\u00ed cena rozvod\u016f vody a realizace koupelny v\u010d. obklad\u016f, umyvadla a sprchov\u00e9ho koutu se m\u016f\u017ee pohybovat od 40 000 K\u010d. (bez ceny pr\u00e1ce)<\/p>\n<\/div>\n<\/div>\n\n\n\n<div class=\"wp-block-column is-layout-flow wp-block-column-is-layout-flow\">\n<figure class=\"wp-block-image size-thumbnail\"><img loading=\"lazy\" decoding=\"async\" width=\"480\" height=\"245\" src=\"https:\/\/www.celorocnidomky.cz\/wp-content\/uploads\/2024\/05\/17-2-480x245.jpg\" alt=\"\" class=\"wp-image-406\" srcset=\"https:\/\/www.celorocnidomky.cz\/wp-content\/uploads\/2024\/05\/17-2-480x245.jpg 480w, https:\/\/www.celorocnidomky.cz\/wp-content\/uploads\/2024\/05\/17-2-720x368.jpg 720w, https:\/\/www.celorocnidomky.cz\/wp-content\/uploads\/2024\/05\/17-2-1400x715.jpg 1400w, https:\/\/www.celorocnidomky.cz\/wp-content\/uploads\/2024\/05\/17-2-768x392.jpg 768w, https:\/\/www.celorocnidomky.cz\/wp-content\/uploads\/2024\/05\/17-2-1536x784.jpg 1536w, https:\/\/www.celorocnidomky.cz\/wp-content\/uploads\/2024\/05\/17-2.jpg 1920w\" sizes=\"auto, (max-width: 480px) 100vw, 480px\" \/><\/figure>\n\n\n\n<div class=\"wp-block-group is-layout-flow wp-block-group-is-layout-flow\" style=\"padding-right:var(--wp--preset--spacing--m);padding-left:var(--wp--preset--spacing--m)\">\n<p>Rozvody elekt\u0159iny s rozvad\u011b\u010dem se pohybuj\u00ed od 30 000 K\u010d. Cena nezahrnuje konkr\u00e9tn\u00ed typy osv\u011btlen\u00ed (sv\u011btla, lampy, lustry, \u017e\u00e1rovky apod.).<\/p>\n<\/div>\n<\/div>\n<\/div>\n\n\n\n<div class=\"wp-block-group alignfull has-global-padding is-layout-constrained wp-container-core-group-is-layout-9360c511 wp-block-group-is-layout-constrained\" style=\"margin-top:var(--wp--preset--spacing--content);margin-bottom:var(--wp--preset--spacing--content)\">\n<div class=\"wp-block-group alignwide has-global-padding is-content-justification-left is-layout-constrained wp-container-core-group-is-layout-9c165946 wp-block-group-is-layout-constrained\">\n<p class=\"has-contrast-alt-color has-text-color has-supplemental-font-family has-giant-font-size\" style=\"font-style:normal;font-weight:900\">Vynikaj\u00edc\u00ed tepeln\u011b izola\u010dn\u00ed vlastnosti<\/p>\n<\/div>\n<\/div>\n\n\n\n<div class=\"wp-block-group alignfull has-global-padding is-layout-constrained wp-block-group-is-layout-constrained\" style=\"margin-top:0;margin-bottom:0\">\n<div class=\"wp-block-columns alignwide is-layout-flex wp-container-core-columns-is-layout-15c97201 wp-block-columns-is-layout-flex\">\n<div class=\"wp-block-column is-vertically-aligned-top is-layout-flow wp-block-column-is-layout-flow\">\n<figure class=\"wp-block-image size-medium is-style-frame has-secondary-mixed-background-color has-background\"><img loading=\"lazy\" decoding=\"async\" width=\"720\" height=\"867\" src=\"http:\/\/www.celorocnidomky.cz\/wp-content\/uploads\/2024\/07\/Pasivni-panel-720x867.jpg\" alt=\"\" class=\"wp-image-572\" srcset=\"https:\/\/www.celorocnidomky.cz\/wp-content\/uploads\/2024\/07\/Pasivni-panel-720x867.jpg 720w, https:\/\/www.celorocnidomky.cz\/wp-content\/uploads\/2024\/07\/Pasivni-panel-480x578.jpg 480w, https:\/\/www.celorocnidomky.cz\/wp-content\/uploads\/2024\/07\/Pasivni-panel-768x924.jpg 768w, https:\/\/www.celorocnidomky.cz\/wp-content\/uploads\/2024\/07\/Pasivni-panel.jpg 1080w\" sizes=\"auto, (max-width: 720px) 100vw, 720px\" \/><figcaption class=\"wp-element-caption\">Stav\u00edme pomoc\u00ed pasivn\u00edch panel\u016f<\/figcaption><\/figure>\n<\/div>\n\n\n\n<div class=\"wp-block-column is-layout-flow wp-block-column-is-layout-flow\">\n<h5 class=\"wp-block-heading\">doporu\u010dujeme pasivn\u00ed panely = Energetick\u00e1 t\u0159\u00edda A  \u2013 mimo\u0159\u00e1dn\u011b \u00fasporn\u00e1 budova.  <\/h5>\n\n\n\n<p>&#8212;&#8212;&#8212;&#8212;<\/p>\n\n\n\n<h5 class=\"wp-block-heading\">Panel 26cm s izola\u010dn\u00ed vatou &#8211; energetick\u00e1 t\u0159\u00edda B &#8211; velmi \u00fasporn\u00e1 budova<\/h5>\n\n\n\n<figure class=\"wp-block-image size-medium is-style-frame has-secondary-mixed-background-color has-background\" style=\"margin-top:var(--wp--preset--spacing--l);margin-bottom:var(--wp--preset--spacing--l)\"><img loading=\"lazy\" decoding=\"async\" width=\"720\" height=\"867\" src=\"http:\/\/www.celorocnidomky.cz\/wp-content\/uploads\/2024\/05\/PANEL-26cm-1-720x867.png\" alt=\"\" class=\"wp-image-407\" srcset=\"https:\/\/www.celorocnidomky.cz\/wp-content\/uploads\/2024\/05\/PANEL-26cm-1-720x867.png 720w, https:\/\/www.celorocnidomky.cz\/wp-content\/uploads\/2024\/05\/PANEL-26cm-1-480x578.png 480w, https:\/\/www.celorocnidomky.cz\/wp-content\/uploads\/2024\/05\/PANEL-26cm-1-768x924.png 768w, https:\/\/www.celorocnidomky.cz\/wp-content\/uploads\/2024\/05\/PANEL-26cm-1.png 1080w\" sizes=\"auto, (max-width: 720px) 100vw, 720px\" \/><\/figure>\n<\/div>\n<\/div>\n<\/div>\n\n\n\n<div class=\"wp-block-columns alignwide is-layout-flex wp-container-core-columns-is-layout-28f84493 wp-block-columns-is-layout-flex\">\n<div class=\"wp-block-column is-layout-flow wp-block-column-is-layout-flow\">\n<h2 class=\"wp-block-heading\">chcete za\u010d\u00edt se stavbou pasivn\u00edho domku?<\/h2>\n<\/div>\n\n\n\n<div class=\"wp-block-column is-layout-flow wp-block-column-is-layout-flow\">\n<p class=\"has-l-font-size\">Nev\u00e1hejte n\u00e1s kontaktovat a spole\u010dn\u011b projdeme ka\u017ed\u00fd krok od va\u0161eho prvn\u00edho dotazu a\u017e po dokon\u010den\u00ed stavby. Stav\u00edme va\u0161e c\u00edle a sny o bydlen\u00ed. Mal\u00e9 domky s velk\u00fdm srdcem, kouzelnou atmosf\u00e9rou, n\u00edzkou cenou a velmi levn\u00fdmi provozn\u00edmi n\u00e1klady.<\/p>\n<\/div>\n<\/div>\n","protected":false},"excerpt":{"rendered":"<p>domek 02 Tento d\u016fm je energeticky \u00fasporn\u00fd a n\u00e1klady na jeho provoz budou velmi n\u00edzk\u00e9. M\u00e1 energetick\u00fd \u0161t\u00edtek kategorie A nebo B, do kter\u00fdch spad\u00e1 v\u011bt\u0161ina sou\u010dasn\u00fdch n\u00edzkoenergetick\u00fdch staveb. To znamen\u00e1, \u017ee&hellip;<\/p>\n","protected":false},"author":1,"featured_media":0,"parent":0,"menu_order":0,"comment_status":"closed","ping_status":"closed","template":"","meta":{"footnotes":""},"class_list":["post-366","page","type-page","status-publish","hentry"],"_links":{"self":[{"href":"https:\/\/www.celorocnidomky.cz\/index.php?rest_route=\/wp\/v2\/pages\/366","targetHints":{"allow":["GET"]}}],"collection":[{"href":"https:\/\/www.celorocnidomky.cz\/index.php?rest_route=\/wp\/v2\/pages"}],"about":[{"href":"https:\/\/www.celorocnidomky.cz\/index.php?rest_route=\/wp\/v2\/types\/page"}],"author":[{"embeddable":true,"href":"https:\/\/www.celorocnidomky.cz\/index.php?rest_route=\/wp\/v2\/users\/1"}],"replies":[{"embeddable":true,"href":"https:\/\/www.celorocnidomky.cz\/index.php?rest_route=%2Fwp%2Fv2%2Fcomments&post=366"}],"version-history":[{"count":16,"href":"https:\/\/www.celorocnidomky.cz\/index.php?rest_route=\/wp\/v2\/pages\/366\/revisions"}],"predecessor-version":[{"id":751,"href":"https:\/\/www.celorocnidomky.cz\/index.php?rest_route=\/wp\/v2\/pages\/366\/revisions\/751"}],"wp:attachment":[{"href":"https:\/\/www.celorocnidomky.cz\/index.php?rest_route=%2Fwp%2Fv2%2Fmedia&parent=366"}],"curies":[{"name":"wp","href":"https:\/\/api.w.org\/{rel}","templated":true}]}}